{"id":55,"date":"2022-09-03T14:29:17","date_gmt":"2022-09-03T12:29:17","guid":{"rendered":"\/2025\/weimar-programm-2022-2\/"},"modified":"2025-09-23T13:56:58","modified_gmt":"2025-09-23T11:56:58","slug":"weimar-programm","status":"publish","type":"page","link":"\/2025\/weimar-programm\/","title":{"rendered":"Weimar \u2013 Programm 2025"},"content":{"rendered":"\n<div class=\"wp-block-columns is-layout-flex wp-container-core-columns-is-layout-2 wp-block-columns-is-layout-flex\">\n<div class=\"wp-block-column is-layout-flow wp-block-column-is-layout-flow\">\n<figure class=\"wp-block-image size-large\" id=\"seitenanfang\"><img loading=\"lazy\" decoding=\"async\" width=\"1024\" height=\"683\" src=\"\/2025\/wp-content\/uploads\/sites\/11\/2025\/08\/TDM-2025_Visual_18_Uni-Weimar-1024x683.jpg\" alt=\"\" class=\"wp-image-8227\" style=\"object-fit:cover\" srcset=\"\/2025\/wp-content\/uploads\/sites\/11\/2025\/08\/TDM-2025_Visual_18_Uni-Weimar-1024x683.jpg 1024w, \/2025\/wp-content\/uploads\/sites\/11\/2025\/08\/TDM-2025_Visual_18_Uni-Weimar-300x200.jpg 300w, \/2025\/wp-content\/uploads\/sites\/11\/2025\/08\/TDM-2025_Visual_18_Uni-Weimar-768x512.jpg 768w, \/2025\/wp-content\/uploads\/sites\/11\/2025\/08\/TDM-2025_Visual_18_Uni-Weimar.jpg 1200w\" sizes=\"(max-width: 1024px) 100vw, 1024px\" \/><\/figure>\n\n\n\n<div class=\"wp-block-columns is-layout-flex wp-container-core-columns-is-layout-1 wp-block-columns-is-layout-flex\">\n<div class=\"wp-block-column is-layout-flow wp-block-column-is-layout-flow\">\n<h2 class=\"wp-block-heading pb-2\">Direkt zu &#8230;<\/h2>\n\n\n\n<ul class=\"wp-block-list\">\n<li><a href=\"#freitag\">Programm Freitag<\/a><\/li>\n\n\n\n<li><a href=\"#samstag\">Programm Samstag<\/a><\/li>\n\n\n\n<li><a href=\"#sonntag\">Programm Sonntag<\/a><\/li>\n\n\n\n<li><a href=\"#ausstellungen\">Begleitende Ausstellungen<\/a><\/li>\n<\/ul>\n<\/div>\n\n\n\n<div class=\"wp-block-column is-layout-flow wp-block-column-is-layout-flow\">\n<h1 class=\"wp-block-heading pb-3\">Gef\u00f6rdert durch<\/h1>\n\n\n\n<figure class=\"wp-block-image size-large\"><img loading=\"lazy\" decoding=\"async\" width=\"1024\" height=\"239\" src=\"\/2025\/wp-content\/uploads\/sites\/11\/2025\/08\/TMBWK-1024x239.png\" alt=\"\" class=\"wp-image-9087\" srcset=\"\/2025\/wp-content\/uploads\/sites\/11\/2025\/08\/TMBWK-1024x239.png 1024w, \/2025\/wp-content\/uploads\/sites\/11\/2025\/08\/TMBWK-300x70.png 300w, \/2025\/wp-content\/uploads\/sites\/11\/2025\/08\/TMBWK-768x179.png 768w, \/2025\/wp-content\/uploads\/sites\/11\/2025\/08\/TMBWK-1536x358.png 1536w, \/2025\/wp-content\/uploads\/sites\/11\/2025\/08\/TMBWK-2048x478.png 2048w\" sizes=\"(max-width: 1024px) 100vw, 1024px\" \/><\/figure>\n<\/div>\n<\/div>\n<\/div>\n\n\n\n<div class=\"wp-block-column is-layout-flow wp-block-column-is-layout-flow\" style=\"flex-basis:280px\">\n<h1 class=\"wp-block-heading pb-2\">Service und Kontakt<\/h1>\n\n\n\n<p><strong>weimar GmbH<\/strong><br>Gesellschaft f\u00fcr Marketing, Kongress- und<br>Tourismusservice, <br>UNESCO-Platz 1, 99423 Weimar<\/p>\n\n\n\n<p><strong>Klassik Stiftung Weimar<\/strong><br>Besucherservice, Tel.: 03643-545-400<br>besucherservice[*]klassik-stiftung.de<\/p>\n\n\n\n<p class=\"pb-5\"><strong>Tourist Information Weimar<\/strong><br>Markt 4, 99423 Weimar<br>Tel.:&nbsp;03643-745-0, tourist-info[*]weimar.de<br><strong>www.weimar.de<\/strong><\/p>\n\n\n\n<h1 class=\"wp-block-heading pb-2\">Besondere Angebote<\/h1>\n\n\n\n<p>Die <strong>Kombikarte Moderne<\/strong> berechtigt zum einmaligen Eintritt in die Dauerausstellungen von: Bauhaus-Museum, Museum Neues Weimar, Nietzsche-Archiv, Haus Am Horn und Haus Hohe Pappeln. Sie ist in allen H\u00e4usern und in der Tourist-Information erh\u00e4ltlich<strong> <\/strong>\u2013 Kosten: Erw. 12 \u20ac, erm. 8 \u20ac, Sch\u00fcler*innen 5 \u20ac.&nbsp;<\/p>\n\n\n\n<p class=\"pb-3\">Die <strong>weimar card<\/strong> berechtigt dazu, kostenfrei zahlreiche Museen zu besuchen, Stadtbus zu fahren und an einer Stadtf\u00fchrung teilzunehmen. Sie bietet au\u00dferdem erm\u00e4\u00dfigten Eintritt f\u00fcr Veranstaltungen im Deutschen Nationaltheater und beim Kunstfest Weimar \u2013 Kosten: 32,50 \u20ac<\/p>\n<\/div>\n<\/div>\n\n\n\n<div class=\"wp-block-columns is-layout-flex wp-container-core-columns-is-layout-3 wp-block-columns-is-layout-flex\">\n<div class=\"wp-block-column is-layout-flow wp-block-column-is-layout-flow\">\n<hr class=\"wp-block-separator has-alpha-channel-opacity\"\/>\n\n\n\n<h1 class=\"wp-block-heading pb-2\" id=\"freitag\">Freitag, 26.9.2025<\/h1>\n\n\n\n<p class=\"pb-3\"><a href=\"#seitenanfang\">Zum Seitenanfang<\/a><\/p>\n\n\n\n<ul class=\"wp-block-list pb-2\">\n<li><strong>10:00\u2009\u2013\u200917:00 Uhr:<\/strong> Film: Weimar. Mythos und Wahrheit (en.\/dt.); Ort: Stadtmuseum Weimar; Dauer: 0,5h, kostenfrei \u2014 Mittels Interviews und historischem sowie aktuellem Bildmaterial bietet der durch Sie selbst zu startende Film eine Einf\u00fchrung in die ambivalente Stadtgeschichte.<\/li>\n\n\n\n<li><strong>14:00 Uhr: <\/strong>F\u00fchrung: Kleiner Bauhaus-Spaziergang; Start: Bauhaus-Atelier; Dauer: 1,5h, Kosten: 11\u20ac, max. 25&nbsp;Personen, Tickets: weimargmbh.eventris.eu \u2014 Besichtigung von Hauptgeb\u00e4ude und Van-de-Velde-Bau der Bauhaus-Universit\u00e4t Weimar, erbaut nach Entw\u00fcrfen von Henry van de Velde, mit Foyers, Treppenh\u00e4usern, Wandbildern, Ateliers und Direktorenzimmer<\/li>\n\n\n\n<li><strong>14:00 Uhr: <\/strong>F\u00fchrung: Gro\u00dfer Bauhaus-Spaziergang; Start: Bauhaus-Atelier; Dauer: 2,5h, Kosten: 18\u20ac, max. 15&nbsp;Personen, Tickets: weimargmbh.eventris.eu \u2014 Erweiterung des Kleinen Spaziergangs: Hauptgeb\u00e4ude und Van-de-Velde-Bau der Bauhaus-Universit\u00e4t Weimar, mit Foyers, Treppenh\u00e4usern, Wandbildern, Ateliers, Direktorenzimmer, Ilmpark mit Tempelherrenhaus sowie Eintritt im Haus Am Horn<\/li>\n\n\n\n<li class=\"pb-3\"><strong>16:00 Uhr: <\/strong>F\u00fchrung: Oskar Schlemmers Wandgestaltungen, Bauhaus-Universit\u00e4t Weimar; Start: Bauhaus-Atelier; Dauer: 1h, Kosten: 11\u20ac, max. 12&nbsp;Personen, Anmeldung: bauhausspaziergang@uni-weimar.de \u2014 Sonderf\u00fchrung zu Wandgestaltungen von Oskar Schlemmer im Van-de-Velde-Bau und im Raumkunstwerk &#8222;Wohnraum Adolf Meyer&#8220;<\/li>\n\n\n\n<li class=\"pb-3\"><strong>17:00 Uhr: Er\u00f6ffnungsvortrag Dr. Justus Ulbricht:<\/strong> <br>\u201eO meine Zeit, so namenlos zerrissen, so ohne Stern, so daseinsarm im Wissen\u201c. Ansichten der Moderne mit einem Blick auf Weimars Kultur. Ort: Sendehalle Weimar, Dauer: 1h, kostenfrei<\/li>\n<\/ul>\n<\/div>\n\n\n\n<div class=\"wp-block-column is-layout-flow wp-block-column-is-layout-flow\">\n<hr class=\"wp-block-separator has-alpha-channel-opacity\" id=\"samstag\"\/>\n\n\n\n<h1 class=\"wp-block-heading pb-2\">Samstag, 27.9.2025<\/h1>\n\n\n\n<p class=\"pb-3\"><a href=\"#seitenanfang\">Zum Seitenanfang<\/a><\/p>\n\n\n\n<ul class=\"wp-block-list\">\n<li><strong>10:00\u2009\u2013\u200917:00 Uhr: <\/strong>Film: Weimar. Mythos und Wahrheit (en.\/dt.); Ort: Stadtmuseum Weimar; Dauer: 0,5h, kostenfrei<\/li>\n\n\n\n<li><strong>10:00\u2009\u2013\u200913:00 Uhr: <\/strong>Offene Werkstatt: Von Weimar in die Welt; Ort: Werklabor \u2013Bauhaus-Museum Weimar; kostenfrei, max. 25&nbsp;Personen, ohne Anmeldung \u2014 Gestalte eine Postkarte mit einer Botschaft: Lass dich beim Bedrucken von Motiven des Bauhauses und unseren Wortw\u00fcrfeln inspirieren.<\/li>\n\n\n\n<li><strong>11:00\u2009\u2013\u200912:00 Uhr: <\/strong>Thementour im Stadtraum: Quartier der Moderne; Start: Museum Neues Weimar Foyer; Kosten: 3\u20ac, max. 25&nbsp;Personen, ohne Anmeldung \u2014 Im &#8222;Quartier der Moderne&#8220; rund um das neue Bauhaus Museum lassen sich verschiedene Ebenen einer Weimarer Moderne zug\u00e4nglich machen. Dabei spannt die F\u00fchrung den Bogen vom Ende des 19. Jahrhunderts, \u00fcber die Zeit des Bauhauses in der Weimarer Republik, bis zur Zeit des Nationalsozialismus mit dem Gauforum und der Zeit nach 1945 bis in unsere Gegenwart<\/li>\n\n\n\n<li><strong>11:00\u2009\u2013\u200916:00 Uhr<\/strong>, jeweils zur vollen Stunde: Besichtigung und F\u00fchrung: Neufert Haus; Ort: Neufert Haus, Rudolst\u00e4dter Str. 7; Dauer: 45 min., Kosten: 5\u2006\u20ac, max. 12&nbsp;Pers. \u2014 Ernst Neufert plante ein Wohnhaus mit integriertem Architekturb\u00fcro: Das 10 x 10 m gro\u00dfe Haus wurde im Meter-Raster als Holzversuchshaus nach amerikanischem Vorbild geplant. Moderne Architektur, hohe Funktionalit\u00e4t, wirtschaftliche und \u00f6kologische Ausf\u00fchrung waren die Grundlagen des Entwurfs. Auf das Mauerwerk mit Keller, Garage und G\u00e4stezimmer wurde in nur zwei Tagen das vorgefertigte Tragger\u00fcst gebaut.<\/li>\n\n\n\n<li><strong>11:00\u2009\u2013\u200917:00 Uhr:<\/strong> Kunstinstallation: Rebecca Horn. Konzert f\u00fcr Buchenwald; Ort: E-Werk; kostenfrei&nbsp;\u2014 In einem historischen Stra\u00dfenbahndepot im stillgelegten E-Werk Weimar ist seit 1999 die Rauminstallation \u201eKonzert f\u00fcr Buchenwald\u201c der K\u00fcnstlerin Rebecca Horn zu sehen. Die international beachtete Arbeit gilt als eines der bedeutendsten Beispiele zu dem Thema Holocaust in der zeitgen\u00f6ssischen Kunst in Deutschland.<\/li>\n\n\n\n<li><strong>14:00 Uhr: <\/strong>F\u00fchrung: Kleiner Bauhaus-Spaziergang; Start: Bauhaus-Atelier; Dauer: 1,5h, Kosten: 11\u2006\u20ac, max. 25&nbsp;Personen, Tickets: weimargmbh.eventris.eu \u2014 Besichtigung von Hauptgeb\u00e4ude und Van-de-Velde-Bau der Bauhaus-Universit\u00e4t Weimar, erbaut nach Entw\u00fcrfen von Henry van de Velde, mit Foyers, Treppenh\u00e4usern, Wandbildern, Ateliers und Direktorenzimmer<\/li>\n\n\n\n<li><strong>14:00 Uhr: <\/strong>F\u00fchrung: Gro\u00dfer Bauhaus-Spaziergang; Start: Bauhaus-Atelier; Dauer: 2,5h, Kosten: 18\u2006\u20ac, max. 15&nbsp;Personen, Tickets: weimargmbh.eventris.eu \u2014 Erweiterung des Kleinen Spaziergangs: Hauptgeb\u00e4ude und Van-de-Velde-Bau der Bauhaus-Universit\u00e4t Weimar, mit Foyers, Treppenh\u00e4usern, Wandbildern, Ateliers, Direktorenzimmer, Ilmpark mit Tempelherrenhaus sowie Eintritt im Haus Am Horn<\/li>\n\n\n\n<li><strong>15:00 Uhr: <\/strong>Gef\u00fchrte Tour: Das Nietzsche-Archiv im Wandel der Zeit \u2013 Jugendstil-Kultraum, F\u00e4lschungs-Tatort und DDR-Schulungszentrum; Ort: Nietzsche-Archiv; Dauer: 1\u2009\u2013\u20091,5h, Kosten: 3\u20ac, max. 20&nbsp;Personen, Anmeldung: Online-Ticketshop der Klassik Stiftung Weimar: tickets.klassik-stiftung.de\/#\/tickets\/filters (Restkarten an Kasse) \u2014 Jugendstil-Kultraum, F\u00e4lschungs-Tatort und DDR-Schulungszentrum: Das Nietzsche-Archiv im Wandel der Zeiten: Gef\u00fchrte Tour durch die musealen R\u00e4ume mit Blick hinter die Kulissen<\/li>\n\n\n\n<li><strong>16:00 Uhr: <\/strong>F\u00fchrung: Oskar Schlemmers Wandgestaltungen, Bauhaus-Universit\u00e4t Weimar; Start: Bauhaus-Atelier; Dauer: 1h, Kosten: 11\u2006\u20ac, max. 12&nbsp;Personen, Anmeldung: bauhausspaziergang@uni-weimar.de \u2014 Sonderf\u00fchrung zu Wandgestaltungen von Oskar Schlemmer im Van-de-Velde-Bau und im Raumkunstwerk &#8222;Wohnraum Adolf Meyer&#8220;<\/li>\n\n\n\n<li><strong>16:30 Uhr: <\/strong>Sonderf\u00fchrung: Von der nationalsozialistischen Weihest\u00e4tte zum Lost Place \u2013 die ehemalige Nietzsche-Ged\u00e4chtnishalle; Stiftung Sendehalle Weimar; Ort: Haupteingang Sendehalle, Humboldtstra\u00dfe 36a; Dauer: 1,5h, kostenfrei&nbsp;\/ Spenden erbeten, max. 40&nbsp;Personen \u2014 Der Privatforscher Christian Handwerck f\u00fchrt durch den geschichtstr\u00e4chtigen Geb\u00e4udekomplex. Dieser Ort im S\u00fcden Weimars steht f\u00fcr 90 Jahre deutsche Geschichte: Nazideutschland, DDR, Nachwende-Zeit.<\/li>\n\n\n\n<li class=\"pb-3\"><strong>17:00 Uhr: <\/strong>Sonderf\u00fchrung durch das Haus der Weimarer Republik \u2013 Forum f\u00fcr Demokratie; Start: Foyer im Haus der Weimarer Republik (HdWR); Dauer: ca. 1h, Kosten: 12\u20ac, max. 15&nbsp;Personen, Anmeldung: foyer@hdwr.de \u2014 Dauerausstellung &#8222;Deutschlands erste Demokratie und Sonderausstellung &#8222;Freiheit in Bewegung &#8211; Sport in der Weimarer Republik&#8220;<\/li>\n\n\n\n<li class=\"pb-2\">Verschoben von Freitag auf Samstag:<br><strong>18:30 Uhr: Vortrag Prof. Daniela Spiegel: <\/strong><br>Ideologien und Architekturen. Die klassische Moderne im Kontext deutscher und italienischer Architekturdebatten; Ort: Sendehalle Weimar; Dauer: 1h, kostenlos, max. 40&nbsp;Personen<\/li>\n<\/ul>\n<\/div>\n\n\n\n<div class=\"wp-block-column is-layout-flow wp-block-column-is-layout-flow\">\n<hr class=\"wp-block-separator has-alpha-channel-opacity\" id=\"sonntag\"\/>\n\n\n\n<h1 class=\"wp-block-heading pb-2\">Sonntag, 28.9.2025<\/h1>\n\n\n\n<p class=\"pb-3\"><a href=\"#seitenanfang\">Zum Seitenanfang<\/a><\/p>\n\n\n\n<ul class=\"wp-block-list\">\n<li><strong>10:00\u2009\u2013\u200917:00 Uhr: <\/strong>Film: Weimar. Mythos und Wahrheit (en.\/dt.); Ort: Stadtmuseum Weimar; Dauer: 0,5h, kostenfrei<\/li>\n\n\n\n<li><strong>10:00\u2009\u2013\u200913:00 Uhr: <\/strong>Offene Werkstatt: Von Weimar in die Welt; Ort: Werklabor \u2013 Bauhaus-Museum Weimar; kostenfrei, max. 25&nbsp;Personen, ohne Anmeldung \u2014 Das Neue Ich: offene MachMit-Werkstatt &#8222;Ab wann bist du noch du?&#8220; Durch grafische Manipulationen deines Gesichts tricksen wir die Technologien der Gesichtserkennung aus und reflektieren unsere heutigen Menschenbilder.<\/li>\n\n\n\n<li><strong>11:00\u2009\u2013\u200916:00 Uhr<\/strong>, jeweils zur vollen Stunde: Besichtigung und F\u00fchrung: Neufert Haus; Ort: Neufert Haus, Rudolst\u00e4dter Str. 7; Dauer: 45 min., Kosten: 5\u20ac, max. 12&nbsp;Personen<\/li>\n\n\n\n<li><strong>11:00\u2009\u2013\u200917:00 Uhr: <\/strong>Kunstinstallation: Rebecca Horn. Konzert f\u00fcr Buchenwald; Ort: E-Werk; kostenfrei&nbsp;<\/li>\n\n\n\n<li><strong>11:00 Uhr:<\/strong> Kuratorentour: Die Protagonisten des Neuen Weimar \u2013 Wegbereiter des Bauhauses zwischen Aufbruch, Scheitern und sp\u00e4tem Triumph; Ort: Museum Neues Weimar\/ Foyer; Dauer: 1h, 3\u20ac, max. 25&nbsp;Personen, Anmeldung: tickets.klassik-stiftung.de\/#\/tickets\/filters (Restkarten an Kasse)<\/li>\n\n\n\n<li><strong>11:30 Uhr: <\/strong>Kuratorenf\u00fchrung: Eiermannbau Apolda \u2013 Ikone der bewegten Moderne; Stiftung Baukultur Th\u00fcringen; Ort: Eiermannbau, Auenstr. 11, Dauer: 1,5h \u2014 Das ikonische Industriegeb\u00e4ude Eiermannbau, entworfen von dem renommierten Architekten Egon Eiermann, z\u00e4hlt zu den bedeutendsten Zeugnissen der modernen Baukultur in Th\u00fcringen. Im Rahmen einer Kuratorenf\u00fchrung mit der Architektin und Vorst\u00e4ndin der Stiftung Baukultur Th\u00fcringen, Katja Fischer, erkunden wir die bewegte Geschichte des 1938\/39 errichteten Geb\u00e4udes, seine architektonischen Besonderheiten und die heutige Nutzung als Baukulturzentrum und Open Factory. Gleichsam lassen sich am Geb\u00e4ude, in dem neben Feuerl\u00f6schger\u00e4ten auch R\u00fcstungsg\u00fcter wie Flammenwerfer produziert wurden, eindeutige Merkmale eines w\u00e4hrend der Zeit des Nationalsozialismus geplanten Industriebaues ablesen und nachvollziehen. &nbsp;<\/li>\n\n\n\n<li><strong>11:30 Uhr: <\/strong>Werben f\u00fcr Zwangsarbeit \u2013 Der Fall des Bauhaus-Typografen Zden\u011bk Rossmann; Dr. Anke Bl\u00fcmm; Ort: Foyer Museum Zwangsarbeit im Nationalsozialismus; Dauer: 1,5h, kostenfrei \u2014 Die 1943 ver\u00f6ffentlichte Publikation &#8222;Europa arbeitet in Deutschland \u2013 Sauckel mobilisiert die Leistungsreserven&#8220; warb als als sch\u00f6nf\u00e4rberische NS-Propaganda unverholen f\u00fcr Zwangsarbeit. Gestaltet wurde der Buchumschlag von einem ehemaligen Bauhaus-Studenten in Weimar, Max Thalmann. Neue Forschungen ergaben weitere Verbindungen zwischen den Themen Zwangsarbeit und Bauhaus. So entwarf ein tschechischer Bauhaus-Student, Zden\u011bk Rossmann, 1943 ein preisgekr\u00f6ntes Plakat, mit dem seine Landsleute im Protektorat B\u00f6hmen und M\u00e4hren zur freiwilligen Arbeit in Deutschland aufgefordert werden sollten. Der Vortrag stellt Rossmann und seinen Entwurf vor und nimmt damit Bezug auf das diesj\u00e4hrige Thema der Triennale &#8222;Zerrissene Moderne(n)&#8220;.<\/li>\n\n\n\n<li><strong>13:00 Uhr: <\/strong>Kuratorenf\u00fchrung: Das Bauhaus \u2013 ein \u201elinkes\u201c Experiment?; Ort: Foyer Bauhaus-Museum Weimar; Dauer: 1h, Kosten: 3\u20ac, max. 25&nbsp;Personen, Anmeldung: tickets.klassik-stiftung.de\/#\/tickets\/filters (Restkarten an Kasse) \u2014 Am Bauhaus kamen verschiedene politische Str\u00f6mungen zusammen, die sich in zahlreichen Meister- und Sch\u00fclerarbeiten zeigten. In der Themenf\u00fchrung wird anhand ausgew\u00e4hlter Objekte die politische Seite des Bauhauses beleuchtet<\/li>\n\n\n\n<li><strong>14:00 Uhr: <\/strong>F\u00fchrung: Kleiner Bauhaus-Spaziergang; Start: Bauhaus-Atelier; Dauer: 1,5h, Kosten: 11\u20ac, max. 25&nbsp;Personen, Tickets: weimargmbh.eventris.eu<\/li>\n\n\n\n<li><strong>14:00 Uhr: <\/strong>F\u00fchrung: Gro\u00dfer Bauhaus-Spaziergang; Start: Bauhaus-Atelier; Dauer: 2,5h, Kosten: 18\u20ac, max. 15&nbsp;Personen, Tickets: weimargmbh.eventris.eu<\/li>\n\n\n\n<li><strong>14:45 Uhr: <\/strong>F\u00fchrung: Speicher O\u00dfmannstedt; Fridtjof Florian Dossin; Ort: Bahnhofstr. 9, O\u00dfmannstedt; Dauer: 1h \u2014 Der Getreidespeicher wurde in den 1930er Jahren im Rahmen der nationalsozialistischen Kriegsvorbereitung errichtet und mit modernster Technik ausgestattet. Es war bis in die 1970er Jahre in Betrieb und fiel danach brach. Seit 2021 dient der Hof als erstes Reallabor und Sitz des Institut f\u00fcr Graue Energie e.V. \u2013 Einer Initiative die sich dem Erhalt von Geb\u00e4uden und deren Grauer Energie in industriell gepr\u00e4gten Regionen widmet.&nbsp;<\/li>\n\n\n\n<li><strong>16:00 Uhr: <\/strong>Buchvorstellung &amp; Gespr\u00e4ch: Spuren des J\u00fcdischen Breslau. Architektur und Lebenswege vor und nach der Shoah; Ramona Br\u00e4u&nbsp;\/ Tim Buchen&nbsp;\/ Daniel Ljunggren; Ort: Foyer, Museum Zwangsarbeit im Nationalsozialismus; Dauer: 2h, kostenfrei \u2014 Facettenreiche Pr\u00e4sentation j\u00fcngster Studien zur Topographie der Shoah in Breslau (seit 1945 Wroc\u0142aw, Polen) mit Ramona Br\u00e4u (Arolsen Archives), Tim Buchen (Uniwersytet Wroc\u0142awski\/TU Dresden) und Daniel Ljunggren (G\u00f6teborgs universitet\/ TU Dresden)<\/li>\n\n\n\n<li><strong>Fr \u2013 So, 26. \u2013 28.9.2025<\/strong>, ganzt\u00e4giges Angebot: Audiowalk: Wo ist Walter?; Download der App zu Bauhaus-Orten in Weimar, kostenfrei: bit.ly\/3S3Fpcn<\/li>\n<\/ul>\n<\/div>\n<\/div>\n\n\n\n<hr class=\"wp-block-separator has-css-opacity\" id=\"ausstellungen\"\/>\n\n\n\n<h1 class=\"wp-block-heading pb-2\">Ausstellungen und Installationen<\/h1>\n\n\n\n<p class=\"pb-4\"><a href=\"#seitenanfang\">Zum Seitenanfang<\/a><\/p>\n\n\n\n<h4 class=\"wp-block-heading\">Bauhaus-Museum Weimar: <br>Oskar Schlemmer: B\u00fchnenbild zu &#8222;Don Juan und Faust&#8220;<\/h4>\n\n\n\n<ul class=\"wp-block-list pb-1\">\n<li><strong>Bis 3.11.2025, Mi \u2013 Mo 9.30 \u2013 18.00 Uhr:<\/strong> Im Zusammenhang mit dem Jahresthema Faust wird ein Auftrag von Oskar Schlemmer f\u00fcr das B\u00fchnenbild zu Christian Dietrich Grabbes St\u00fcck &#8222;Don Juan und Faust&#8220; im Bauhaus-Museum Weimar vorgestellt. Es wurde von dem Bauhaus-Meister 1925 eigens f\u00fcr das Deutsche Nationaltheater Weimar gestaltet. (Kosten: 10\u20ac)<\/li>\n<\/ul>\n\n\n\n<h4 class=\"wp-block-heading\">Bauhaus-Museum Weimar: <br>Dauerausstellung &#8222;Das Bauhaus kommt aus Weimar&#8220;<\/h4>\n\n\n\n<ul class=\"wp-block-list\">\n<li><strong>Mi\u2013Mo (Di geschlossen), 9:30\u201318:00 Uhr:<\/strong> Diese Dauerausstellung erinnert an die fr\u00fche Phase der bedeutendsten Design- und Kunstschule des 20. Jahrhunderts und verkn\u00fcpft die Geschichte des Bauhauses mit Fragen zur Lebensgestaltung von Heute und Morgen. (Kosten: 10\u20ac)<\/li>\n<\/ul>\n\n\n\n<hr class=\"wp-block-separator has-alpha-channel-opacity\"\/>\n\n\n\n<h4 class=\"wp-block-heading\">E-Werk (am Kirschberg 4): <br>Installation von Rebecca Horn &#8222;Konzert f\u00fcr Buchenwald&#8220;<\/h4>\n\n\n\n<ul class=\"wp-block-list\">\n<li><strong>Sa\u2013So 11:00\u201317:00 Uhr: <\/strong>In einem historischen Stra\u00dfenbahndepot im stillgelegten E-Werk Weimar ist seit 1999 die Rauminstallation \u201eKonzert f\u00fcr Buchenwald\u201c der K\u00fcnstlerin Rebecca Horn zu sehen. Die international beachtete Arbeit gilt als eines der bedeutendsten Beispiele zu dem Thema Holocaust in der zeitgen\u00f6ssischen Kunst in Deutschland. (kostenfrei)<\/li>\n<\/ul>\n\n\n\n<hr class=\"wp-block-separator has-alpha-channel-opacity\"\/>\n\n\n\n<h4 class=\"wp-block-heading\">Haus am Horn: <br>Erstes Bauhaus-Musterhaus<\/h4>\n\n\n\n<ul class=\"wp-block-list\">\n<li><strong>Bis 1.10.2025, Mi\u2013Mo (Di geschlossen), Sommer | 10:00\u201318:00 Uhr:<\/strong> Das Haus Am Horn ist die einzige Architektur, die das Bauhaus in Weimar realisiert hat. Es wurde 1923 als Versuchshaus zur Bauhaus-Ausstellung errichtet. Hier pr\u00e4sentierten die Meister*innen und Sch\u00fcler*innen erstmals, wie sie sich zeitgem\u00e4\u00dfes Bauen und Wohnen vorstellten. Ort: Am Horn 61, 99425 Weimar (Kosten: 5\u20ac)<\/li>\n<\/ul>\n\n\n\n<hr class=\"wp-block-separator has-alpha-channel-opacity\"\/>\n\n\n\n<h4 class=\"wp-block-heading\">Museum Neues Weimar: <br>Ausstellung &#8222;Bauhaus und Politik&#8220;<\/h4>\n\n\n\n<ul class=\"wp-block-list pb-1\">\n<li><strong>Bis 4.1.2027, Mi\u2013Mo (Di geschlossen), 9:30\u201318:00 Uhr:<\/strong> Die Pr\u00e4sentation beleuchtet die politische Dimension der ber\u00fchmten Avantgarde-Schule von 1919 bis 1933. Neben der Revolutionierung von Kunst und Design diente das Bauhaus auch als Experimentierfeld f\u00fcr gesellschaftliche Utopien und den Umgang mit politischen Systemen. Die Frage nach der Freiheit von Wissenschaft und Kunst ist heute relevanter denn je. (Kosten: 8\u20ac \u2013 im Eintritt f\u00fcr Museum Neues Weimar gesamt enthalten)<\/li>\n<\/ul>\n\n\n\n<h4 class=\"wp-block-heading\">Museum Neues Weimar: <br>Dauerausstellung &#8222;Wege zum Bauhaus&#8220;<\/h4>\n\n\n\n<ul class=\"wp-block-list\">\n<li><strong>Mi\u2013Mo (Di geschlossen), 9:30\u201318:00 Uhr:<\/strong> Nur wenige Schritte vom Bauhaus-Museum entfernt widmet sich das Museum Neues Weimar der Avantgarde um 1900. Mit dem belgischen Jugendstilk\u00fcnstler Henry van de Velde und dem Sammler und M\u00e4zen Harry Graf Kessler trafen 1902 \u00fcberzeugte Verfechter der Moderne in Th\u00fcringen ein. (Kosten: 8\u20ac)<\/li>\n<\/ul>\n\n\n\n<hr class=\"wp-block-separator has-alpha-channel-opacity\"\/>\n\n\n\n<h4 class=\"wp-block-heading\">Neufert Box in Weimar\/Gelmeroda<br>Sonderausstellung<\/h4>\n\n\n\n<ul class=\"wp-block-list\">\n<li><strong>Sa\/So 27.\/28.92025, 11:00\u2009\u2013\u200916:00 Uhr<\/strong>, Ort: Neufert Haus, Rudolst\u00e4dter Str. 7 \u2014 Ausstellung:&nbsp;Das DFG-Graduiertenkolleg \u00bbIdentit\u00e4t und Erbe\u00ab widmete sich 2016-2025 der kritischen Erforschung von Identit\u00e4ts- und Erbe-Konstruktionen, die auf Bauwerken, historischen Orten und anderen, haupts\u00e4chlich dinglichen, kulturellen \u00dcberlieferungen gr\u00fcnden. Die Ausstellung zeigt einen R\u00fcckblick auf das Studienprogramm und gibt einen Einblick in seine Forschungen.<\/li>\n<\/ul>\n\n\n\n<hr class=\"wp-block-separator has-alpha-channel-opacity\"\/>\n\n\n\n<h4 class=\"wp-block-heading\">Nietzsche-Archiv: <br>Kabinett-Ausstellung &#8222;Nietzsche-Goethe-Faust&#8220;<\/h4>\n\n\n\n<ul class=\"wp-block-list\">\n<li><strong>Bis 1.11.2025, Mi\u2013Mo (Di geschlossen), 9:30\u201318:00 Uhr:<\/strong> Die Kabinettausstellung im Nietzsche-Archiv zeigt Friedrich Nietzsches Auseinandersetzung mit Johann Wolfgang von Goethe und verweist auf Gemeinsamkeiten wie Unterschiede in Biographie und Rezeption. (Kosten: 4\u20ac)<\/li>\n<\/ul>\n\n\n\n<h4 class=\"wp-block-heading\">Nietzsche-Archiv: <br>Ausstellung &#8222;Kampf um Nietzsche&#8220;<\/h4>\n\n\n\n<ul class=\"wp-block-list\">\n<li><strong>Mi\u2013Mo (Di geschlossen), 9:30\u201318:00 Uhr:<\/strong> Die von Henry van de Velde als Gesamtkunstwerk gestalteten R\u00e4ume des Nietzsche-Archivs erstrahlen seit 2020 in neuem Licht. Die \u00fcberarbeitete Dauerausstellung f\u00fchrt ein zu Nietzsches Denken und fasst die Rezeption in Kunst, Architektur, Musik und Philosophie zusammen. Der von Weimar ausgehende Kult um den Denker wird gleicherma\u00dfen nachvollziehbar wie das Wirken der Archivherrin Elisabeth F\u00f6rster-Nietzsche. (Kosten: 4\u20ac)<\/li>\n<\/ul>\n\n\n\n<hr class=\"wp-block-separator has-alpha-channel-opacity\"\/>\n\n\n\n<h4 class=\"wp-block-heading\">Schiller-Museum Weimar: <br>Ausstellung &#8222;Faust. Eine Ausstellung&#8220;<\/h4>\n\n\n\n<ul class=\"wp-block-list\">\n<li><strong>Bis 1.11.2027, Di\u2013So, 9:30\u201318:00 Uhr:<\/strong> K\u00fcnstliche Intelligenz, das Ringen um Identit\u00e4t, die Krisen des Kapitalismus, Liebe und Verrat, die Kraft der Natur und die Folgen ihrer Zerst\u00f6rung \u2013 all diese Punkte werden in Goethes Hauptwerk \u201eFaust\u201c verhandelt und sind aktueller denn je. Besucher*innen k\u00f6nnen in der zentralen Ausstellung zum Themenjahr 2025 in diese und weitere Themen des Werks anschauend, h\u00f6rend, lesend und mitmachend eintauchen. Immer steht dabei der Text, das sprachliche Kunstwerk, der Klang der Verse im Mittelpunkt. (Kosten: 8\u20ac)<\/li>\n<\/ul>\n\n\n\n<hr class=\"wp-block-separator has-alpha-channel-opacity\"\/>\n\n\n\n<h4 class=\"wp-block-heading\">Museum Zwangsarbeit im Nationalsozialismus: <br>Dauerausstellung<\/h4>\n\n\n\n<ul class=\"wp-block-list\">\n<li><strong>Di\u2013So, 10:00\u201318:00 Uhr:<\/strong> Das Museum vermittelt erstmals die Gesamtgeschichte der NS-Zwangsarbeit und spannt hierf\u00fcr ein weites Panorama: Von der Macht\u00fcbernahme 1933 bis in die Wiedergutmachungsdebatten der Gegenwart, von der Ausbeutung von Zwangsarbeiter:innen im deutsch besetzten Europa bis zu deren millionenfachen Verschleppung ins Deutsche Reich. Im Mittelpunkt stehen die Beziehungen zwischen Deutschen und Zwangsarbeiter:innen sowie die Handlungsspielr\u00e4ume der betroffenen und beteiligten Menschen. (Kosten: 5\u20ac, erm. 3\u20ac)<\/li>\n<\/ul>\n\n\n\n<h4 class=\"wp-block-heading\">Museum Zwangsarbeit im Nationalsozialismus, <br>Boris-Romantschenko-Saal: Ausstellung &#8222;Dimensionen eines Verbrechens. <br>Sowjetische Kriegsgefangene im Zweiten Weltkrieg&#8220;<\/h4>\n\n\n\n<ul class=\"wp-block-list pb-3\">\n<li class=\"pb-5\"><strong>Bis Februar 2026, Di\u2013So, 10:00\u201318:00 Uhr:<\/strong> Am 22. Juni 1941 \u00fcberfiel das Deutsche Reich die Sowjetunion. Bis Kriegsende nahm die Wehrmacht etwa 5,7 Millionen Angeh\u00f6rige der Roten Armee gefangen. Mehr als drei Millionen von ihnen kamen in deutschem Gewahrsam ums Leben. Obwohl sie damit eine der gr\u00f6\u00dften Opfergruppen deutscher Massenverbrechen sind, wird bis heute kaum an sie erinnert. Diese Wanderausstellung m\u00f6chte einem breiten Publikum die Geschichte der sowjetischen Kriegsgefangenen nahebringen. Die Ausstellung wurde erarbeitet vom Museum Berlin-Karlshorst in Kooperation mit der Stiftung Nieders\u00e4chsische Gedenkst\u00e4tten, dem Volksbund Deutsche Kriegsgr\u00e4berf\u00fcrsorge, dem Deutschen Historischen Institut Moskau und der KZ-Gedenkst\u00e4tte Flossenb\u00fcrg. (Kosten: 5\u20ac, erm. 3\u20ac)<\/li>\n<\/ul>\n\n\n\n<hr class=\"wp-block-separator has-css-opacity\"\/>\n\n\n\n<h2 class=\"wp-block-heading pb-2\">Service und Kontakt<\/h2>\n\n\n\n<p><strong>weimar GmbH<\/strong><br>Gesellschaft f\u00fcr Marketing, Kongress- und Tourismusservice<br>UNESCO-Platz 1, 99423 Weimar<\/p>\n\n\n\n<p><strong>Klassik-Stiftung Weimar<\/strong><br>Besucherservice, Tel.: 03643-54-400<br><a href=\"mailto:besucherservice@klassik-stiftung.de\">besucherservice@klassik-stiftung.de<\/a><\/p>\n\n\n\n<p><strong>Tourist Information Weimar<\/strong><br>Markt 10, 99423 Weimar<br>Tel:&nbsp;03643-745-0, <br><a href=\"mailto:tourist-info@weimar.de\" target=\"_blank\" rel=\"noreferrer noopener\">tourist-info@weimar.de<\/a><br><a href=\"http:\/\/www.weimar.de\" target=\"_blank\" rel=\"noreferrer noopener\">www.weimar.<\/a><\/p>\n\n\n\n<p><\/p>\n","protected":false},"excerpt":{"rendered":"<p>Direkt zu &#8230; Gef\u00f6rdert durch Service und Kontakt weimar GmbHGesellschaft f\u00fcr Marketing, Kongress- undTourismusservice, UNESCO-Platz 1, 99423 Weimar Klassik Stiftung WeimarBesucherservice, Tel.: 03643-545-400besucherservice[*]klassik-stiftung.de Tourist Information WeimarMarkt 4, 99423 WeimarTel.:&nbsp;03643-745-0, tourist-info[*]weimar.dewww.weimar.de Besondere Angebote Die Kombikarte Moderne berechtigt zum einmaligen Eintritt in die Dauerausstellungen von: Bauhaus-Museum, Museum Neues Weimar, Nietzsche-Archiv, Haus Am Horn und Haus Hohe Pappeln. [&hellip;]<\/p>\n","protected":false},"author":1,"featured_media":0,"parent":0,"menu_order":0,"comment_status":"closed","ping_status":"closed","template":"","meta":{"_acf_changed":false,"_seopress_robots_primary_cat":"","_seopress_titles_title":"","_seopress_titles_desc":"","_seopress_robots_index":"","footnotes":""},"class_list":["post-55","page","type-page","status-publish","hentry"],"acf":[],"_links":{"self":[{"href":"https:\/\/www.triennale-der-moderne.de\/2025\/wp-json\/wp\/v2\/pages\/55"}],"collection":[{"href":"https:\/\/www.triennale-der-moderne.de\/2025\/wp-json\/wp\/v2\/pages"}],"about":[{"href":"https:\/\/www.triennale-der-moderne.de\/2025\/wp-json\/wp\/v2\/types\/page"}],"author":[{"embeddable":true,"href":"https:\/\/www.triennale-der-moderne.de\/2025\/wp-json\/wp\/v2\/users\/1"}],"replies":[{"embeddable":true,"href":"https:\/\/www.triennale-der-moderne.de\/2025\/wp-json\/wp\/v2\/comments?post=55"}],"version-history":[{"count":115,"href":"https:\/\/www.triennale-der-moderne.de\/2025\/wp-json\/wp\/v2\/pages\/55\/revisions"}],"predecessor-version":[{"id":10274,"href":"https:\/\/www.triennale-der-moderne.de\/2025\/wp-json\/wp\/v2\/pages\/55\/revisions\/10274"}],"wp:attachment":[{"href":"https:\/\/www.triennale-der-moderne.de\/2025\/wp-json\/wp\/v2\/media?parent=55"}],"curies":[{"name":"wp","href":"https:\/\/api.w.org\/{rel}","templated":true}]}}